{"id":1059,"date":"2023-07-19T10:16:54","date_gmt":"2023-07-19T08:16:54","guid":{"rendered":"https:\/\/dev.alternetis.fr\/?page_id=1059"},"modified":"2025-02-04T18:28:24","modified_gmt":"2025-02-04T17:28:24","slug":"alternetis-et-le-rgpd","status":"publish","type":"page","link":"https:\/\/www.alternetis.fr\/en\/alternetis-et-le-rgpd\/","title":{"rendered":"Alternetis et le RGPD"},"content":{"rendered":"<div data-elementor-type=\"wp-page\" data-elementor-id=\"1059\" class=\"elementor elementor-1059\" data-elementor-post-type=\"page\">\n\t\t\t\t<div class=\"elementor-element elementor-element-4548f0e e-flex e-con-boxed e-con e-parent\" data-id=\"4548f0e\" data-element_type=\"container\" data-e-type=\"container\">\n\t\t\t\t\t<div class=\"e-con-inner\">\n\t\t\t\t<div class=\"elementor-element elementor-element-b7beeca elementor-widget elementor-widget-heading\" data-id=\"b7beeca\" data-element_type=\"widget\" data-e-type=\"widget\" data-widget_type=\"heading.default\">\n\t\t\t\t<div class=\"elementor-widget-container\">\n\t\t\t\t\t<h1 class=\"elementor-heading-title elementor-size-default\">Alternetis et le RPGD<\/h1>\t\t\t\t<\/div>\n\t\t\t\t<\/div>\n\t\t\t\t<div class=\"elementor-element elementor-element-0862ea0 elementor-widget elementor-widget-image\" data-id=\"0862ea0\" data-element_type=\"widget\" data-e-type=\"widget\" data-widget_type=\"image.default\">\n\t\t\t\t<div class=\"elementor-widget-container\">\n\t\t\t\t\t\t\t\t\t\t\t\t\t\t\t<img fetchpriority=\"high\" decoding=\"async\" width=\"600\" height=\"204\" src=\"https:\/\/www.alternetis.fr\/wp-content\/uploads\/2023\/07\/Rgpd.jpg\" class=\"attachment-large size-large wp-image-1060\" alt=\"REGLEMENT GENERAL DE LA PROTECTION DES DONNES\" srcset=\"https:\/\/www.alternetis.fr\/wp-content\/uploads\/2023\/07\/Rgpd.jpg 600w, https:\/\/www.alternetis.fr\/wp-content\/uploads\/2023\/07\/Rgpd-300x102.jpg 300w, https:\/\/www.alternetis.fr\/wp-content\/uploads\/2023\/07\/Rgpd-18x6.jpg 18w\" sizes=\"(max-width: 600px) 100vw, 600px\" \/>\t\t\t\t\t\t\t\t\t\t\t\t\t\t\t<\/div>\n\t\t\t\t<\/div>\n\t\t\t\t<div class=\"elementor-element elementor-element-0e175d1 elementor-widget__width-initial elementor-widget elementor-widget-text-editor\" data-id=\"0e175d1\" data-element_type=\"widget\" data-e-type=\"widget\" data-widget_type=\"text-editor.default\">\n\t\t\t\t<div class=\"elementor-widget-container\">\n\t\t\t\t\t\t\t\t\t<p>Le r\u00e8glement sur la protection des donn\u00e9es personnelles, entr\u00e9 en vigueur le 25 mai 2018 a pour but de prot\u00e9ger les donn\u00e9es qui permettent de vous identifier, afin de respecter votre vie priv\u00e9e.<\/p><p>Les donn\u00e9es personnelles que nous conservons dans notre syst\u00e8me d\u2019information le sont pour les traitements suivants :<\/p><p>\u2013 Le CRM (gestion de la relation client) et le suivi commercial<br \/>\u2013 Le suivi des formations<br \/>\u2013 Le suivi des interventions techniques<br \/>\u2013 L\u2019enregistrement de vos devis<br \/>\u2013 La gestion de vos commandes, suivis et livraisons<br \/>\u2013 La facturation et la comptabilit\u00e9<br \/>\u2013 La qualit\u00e9<br \/>\u2013 Le cas \u00e9ch\u00e9ant, pour l\u2019envoi de mailing informatifs sur notre soci\u00e9t\u00e9, sauf opposition de votre part<\/p><p>Les donn\u00e9es personnelles que nous g\u00e9rons sont obligatoires. A d\u00e9faut, nous ne pouvons pas traiter vos devis et commandes.<br \/>Il s\u2019agit d\u2019informations dites de contact (nom, e-mail, adresse postale, \u2026) pour vous contacter, traiter et exp\u00e9dier vos commandes.<\/p><p>Ces donn\u00e9es sont uniquement destin\u00e9es \u00e0 notre usage interne pour le bon fonctionnement de notre activit\u00e9. En aucun cas, elles ne sont transmises \u00e0 des tiers pour des fins commerciales.<\/p><p>Vous disposez du droit d\u2019acc\u00e9der aux donn\u00e9es vous concernant et le cas \u00e9ch\u00e9ant d\u2019en demander la rectification et l\u2019effacement.<\/p><p>Conform\u00e9ment au RGPD, vous disposez des droits d\u2019acc\u00e8s, de rectification et d\u2019effacement des donn\u00e9es \u00e0 caract\u00e8re personnel vous concernant, ainsi que du droit de limiter le traitement, du droit d\u2019opposition au traitement, ou du droit \u00e0 la portabilit\u00e9 de vos donn\u00e9es personnelles que vous pouvez exercer en envoyant un email \u00e0 contact@alternetis.fr.<\/p><p>La s\u00e9curit\u00e9 des biens et des personnes est au c\u0153ur de nos pr\u00e9occupations.<\/p><p>Vous pouvez d\u00e9couvrir notre politique de protection de donn\u00e9es \u00e0 l\u2019adresse suivante :\u00a0<a href=\"https:\/\/www.alternetis.fr\/en\/alternetis-politique-de-protection-des-donnees\/\">Protection des donn\u00e9es<\/a><\/p><p>L\u2019\u00e9quipe ALTERNETIS<\/p>\t\t\t\t\t\t\t\t<\/div>\n\t\t\t\t<\/div>\n\t\t\t\t\t<\/div>\n\t\t\t\t<\/div>\n\t\t\t\t<\/div>","protected":false},"excerpt":{"rendered":"<p>Alternetis et le RPGD Le r\u00e8glement sur la protection des donn\u00e9es personnelles, entr\u00e9 en vigueur le 25 mai 2018 a pour but de prot\u00e9ger les donn\u00e9es qui permettent de vous identifier, afin de respecter votre vie priv\u00e9e. Les donn\u00e9es personnelles que nous conservons dans notre syst\u00e8me d\u2019information le sont pour les traitements suivants : \u2013&hellip;&nbsp;<a href=\"https:\/\/www.alternetis.fr\/en\/alternetis-et-le-rgpd\/\" rel=\"bookmark\">Read More &raquo;<span class=\"screen-reader-text\">Alternetis et le RGPD<\/span><\/a><\/p>","protected":false},"author":3,"featured_media":0,"parent":0,"menu_order":0,"comment_status":"closed","ping_status":"closed","template":"page-templates\/template-pagebuilder-full-width.php","meta":{"om_disable_all_campaigns":false,"_monsterinsights_skip_tracking":false,"_monsterinsights_sitenote_active":false,"_monsterinsights_sitenote_note":"","_monsterinsights_sitenote_category":0,"neve_meta_sidebar":"","neve_meta_container":"","neve_meta_enable_content_width":"","neve_meta_content_width":0,"neve_meta_title_alignment":"","neve_meta_author_avatar":"","neve_post_elements_order":"","neve_meta_disable_header":"","neve_meta_disable_footer":"","neve_meta_disable_title":"","footnotes":""},"class_list":["post-1059","page","type-page","status-publish","hentry"],"aioseo_notices":[],"jetpack_sharing_enabled":true,"_links":{"self":[{"href":"https:\/\/www.alternetis.fr\/en\/wp-json\/wp\/v2\/pages\/1059","targetHints":{"allow":["GET"]}}],"collection":[{"href":"https:\/\/www.alternetis.fr\/en\/wp-json\/wp\/v2\/pages"}],"about":[{"href":"https:\/\/www.alternetis.fr\/en\/wp-json\/wp\/v2\/types\/page"}],"author":[{"embeddable":true,"href":"https:\/\/www.alternetis.fr\/en\/wp-json\/wp\/v2\/users\/3"}],"replies":[{"embeddable":true,"href":"https:\/\/www.alternetis.fr\/en\/wp-json\/wp\/v2\/comments?post=1059"}],"version-history":[{"count":12,"href":"https:\/\/www.alternetis.fr\/en\/wp-json\/wp\/v2\/pages\/1059\/revisions"}],"predecessor-version":[{"id":3847,"href":"https:\/\/www.alternetis.fr\/en\/wp-json\/wp\/v2\/pages\/1059\/revisions\/3847"}],"wp:attachment":[{"href":"https:\/\/www.alternetis.fr\/en\/wp-json\/wp\/v2\/media?parent=1059"}],"curies":[{"name":"wp","href":"https:\/\/api.w.org\/{rel}","templated":true}]}}